{"id":186,"date":"2024-07-11T14:34:48","date_gmt":"2024-07-11T12:34:48","guid":{"rendered":"https:\/\/reciclatuspilas.com\/unapiladerazones\/?page_id=186"},"modified":"2024-07-11T14:34:49","modified_gmt":"2024-07-11T12:34:49","slug":"politica-de-privacidad","status":"publish","type":"page","link":"https:\/\/reciclatuspilas.com\/unapiladerazones\/politica-de-privacidad\/","title":{"rendered":"Pol\u00edtica de privacidad"},"content":{"rendered":"\n<p>Esta p\u00e1gina Web es propiedad de Descubre Comunicaci\u00f3n SL con CIF n\u00ba B90115395 y domicilio en C\/O&#8217;Donnell 10B, planta 4, 41001, Sevilla e inscrita en el Registro Mercantil de Sevilla con los siguientes datos: Inscrita en el Registro Mercantil de Sevilla, Tomo 5803, folio 112, inscripci\u00f3n 1, con Hoja SE-99962.<\/p>\n\n\n\n<p>Para cualquier consulta o propuesta, cont\u00e1ctenos llamando al tel\u00e9fono 955 412 277 o en el e-mail comunicacion@reciclatuspilas.com<\/p>\n\n\n\n<p>Esta p\u00e1gina Web se rige por la normativa exclusivamente aplicable en Espa\u00f1a, quedando sometida a ella, tanto nacionales como extranjeros que utilicen esta Web. El acceso a nuestra p\u00e1gina Web por parte del USUARIO es gratuito y est\u00e1 condicionado a la previa lectura y aceptaci\u00f3n integra, expresa y sin reservas de las presentes CONDICIONES GENERALES DE USO vigentes en el momento del acceso, que rogamos lea detenidamente. El USUARIO en el momento que utiliza nuestro portal, sus contenidos o servicios, acepta y se somete expresamente a las condiciones generales de uso del mismo. Si el usuario no estuviere de acuerdo con las presentes condiciones de uso, deber\u00e1 abstenerse de utilizar este portal y operar por medio del mismo. En cualquier momento podremos modificar la presentaci\u00f3n y configuraci\u00f3n de nuestra Web, ampliar o reducir servicios, e incluso suprimirla de la Red, as\u00ed como los servicios y contenidos prestados, todo ello de forma unilateral y sin previo aviso.<\/p>\n\n\n\n<h4 class=\"wp-block-heading\">A. Propiedad Intelectual<\/h4>\n\n\n\n<p>Todos los contenidos, textos, im\u00e1genes, marcas y c\u00f3digos fuente son de nuestra propiedad o de terceros a los que se han adquirido sus derechos de explotaci\u00f3n, y est\u00e1n protegidos por los derechos de Propiedad Intelectual e Industrial. El usuario \u00fanicamente tiene derecho a un uso privado de los mismos, sin \u00e1nimo de lucro, y necesita autorizaci\u00f3n expresa para modificarlos, reproducirlos, explotarlos, distribuirlos o ejercer cualquier derecho perteneciente a su titular.<\/p>\n\n\n\n<h4 class=\"wp-block-heading\">B. Condiciones de Acceso<\/h4>\n\n\n\n<p>El acceso a nuestra p\u00e1gina Web es gratuito y no exige previa suscripci\u00f3n o registro.<\/p>\n\n\n\n<p>El env\u00edo de datos personales implica la aceptaci\u00f3n expresa por parte del USUARIO de nuestra pol\u00edtica de privacidad.<\/p>\n\n\n\n<p>El usuario debe acceder a nuestra p\u00e1gina Web conforme a la buena fe, las normas de orden p\u00fablico y a las presentes Condiciones Generales de uso. El acceso a nuestro sitio Web se realiza bajo la propia y exclusiva responsabilidad del usuario, que responder\u00e1 en todo caso de los da\u00f1os y perjuicios que pueda causar a terceros o a nosotros mismos.<\/p>\n\n\n\n<p>Teniendo en cuenta la imposibilidad de control respecto a la informaci\u00f3n, contenidos y servicios que contengan otras p\u00e1ginas web a los que se pueda acceder a trav\u00e9s de los enlaces que nuestra p\u00e1gina web pueda poner a su disposici\u00f3n, le comunicamos que quedamos eximidos de cualquier responsabilidad por los da\u00f1os y perjuicios de toda clase que pudiesen derivar por la utilizaci\u00f3n de esas p\u00e1ginas web, ajenas a nuestra empresa, por parte del usuario.<\/p>\n\n\n\n<h4 class=\"wp-block-heading\">C. Pol\u00edtica de Privacidad<\/h4>\n\n\n\n<p>De conformidad con la Ley Org\u00e1nica 15\/1999 de Protecci\u00f3n de Datos de Car\u00e1cter Personal (LOPD), y Real Decreto 1720\/2007 de desarrollo de la LOPD, le informamos que la utilizaci\u00f3n de determinados servicios en nuestra p\u00e1gina web requiere que nos facilite determinados datos personales a trav\u00e9s de formularios de registro o mediante el env\u00edo de mensajes de correo electr\u00f3nico con la finalidad de que nos solicite cualquier tipo de informaci\u00f3n, aclaraci\u00f3n o duda. Sus datos ser\u00e1n objeto de tratamiento e incorporados a nuestros ficheros, como titulares y responsables de los mismos. El env\u00edo referido de los datos personales constituye el consentimiento expreso al tratamiento de los mismos, si bien de car\u00e1cter revocable y sin efectos retroactivos.<\/p>\n\n\n\n<p>Asimismo le informamos que todos nuestros ficheros se encuentran legalmente inscritos en el Registro General de Datos Personales de la Agencia Espa\u00f1ola de Protecci\u00f3n de Datos, as\u00ed como que para salvaguardar la seguridad de sus datos personales se aplicar\u00e1n las medidas de seguridad t\u00e9cnicas y organizativas exigidas en el Real Decreto 1720\/2007 que regula el reglamento de medidas de seguridad de los ficheros que contengan datos de car\u00e1cter personal.<\/p>\n\n\n\n<p>No nos hacemos responsables de la pol\u00edtica de privacidad respecto a los datos personales que pueda facilitar a terceros por medio de los enlaces disponibles en nuestra p\u00e1gina web.<\/p>\n\n\n\n<h5 class=\"wp-block-heading\">Derechos de acceso, rectificaci\u00f3n, cancelaci\u00f3n y oposici\u00f3n de sus datos personales<\/h5>\n\n\n\n<p>En cualquier momento puede ejercer sus derechos de acceso, rectificaci\u00f3n, cancelaci\u00f3n y oposici\u00f3n, en los t\u00e9rminos establecidos legalmente, dirigi\u00e9ndose a la direcci\u00f3n que figura en el encabezamiento.<\/p>\n\n\n\n<h5 class=\"wp-block-heading\">Comunicaciones de datos<\/h5>\n\n\n\n<p>Le informamos de que sus datos son tratados con la m\u00e1xima confidencialidad y que son utilizados exclusivamente de manera interna y para las finalidades indicadas. De manera que no cedemos ni comunicamos a ning\u00fan tercero sus datos, a excepci\u00f3n de que el usuario nos lo autorice expresamente, en los casos legalmente previstos.<\/p>\n\n\n\n<h4 class=\"wp-block-heading\">D. Responsabilidades<\/h4>\n\n\n\n<p>Al poner a disposici\u00f3n del usuario esta p\u00e1gina Web queremos ofrecerle un servicio de calidad, utilizando la m\u00e1xima diligencia en la prestaci\u00f3n del mismo as\u00ed como en los medios tecnol\u00f3gicos utilizados. No obstante, no responderemos de la presencia de virus y otros elementos que de alg\u00fan modo puedan da\u00f1ar el sistema inform\u00e1tico del usuario.<\/p>\n\n\n\n<p>No garantizamos que la disponibilidad del servicio sea continua e ininterrumpida.<\/p>\n\n\n\n<p>El USUARIO tiene prohibido cualquier tipo de acci\u00f3n sobre nuestro portal que origine una excesiva sobrecarga de funcionamiento a nuestros sistemas inform\u00e1ticos, as\u00ed como la introducci\u00f3n de virus, o instalaci\u00f3n de robots, o software que altere el normal funcionamiento de nuestra web, o en definitiva pueda causar da\u00f1os a nuestros sistemas inform\u00e1ticos.<\/p>\n\n\n\n<p>El USUARIO asume toda la responsabilidad derivada del uso de nuestra p\u00e1gina web.<\/p>\n\n\n\n<p>El USUARIO reconoce que ha entendido toda la informaci\u00f3n respecto a las condiciones de uso de nuestro portal, y reconoce que son suficientes para la exclusi\u00f3n del error en las mismas, y por lo tanto, las acepta integra y expresamente.<\/p>\n\n\n\n<h4 class=\"wp-block-heading\">Uso de cookies en este sitio<\/h4>\n\n\n\n<p>Nuestro sitio utiliza cookies propias y de terceros que nos permiten ofrecerle un mejor servicio. Al navegar por nuestra web, usted acepta el uso que hacemos de las cookies.<\/p>\n","protected":false},"excerpt":{"rendered":"<p>Esta p\u00e1gina Web es propiedad de Descubre Comunicaci\u00f3n SL con CIF n\u00ba B90115395 y domicilio en C\/O&#8217;Donnell 10B, planta 4, 41001, Sevilla e inscrita en el Registro Mercantil de Sevilla [&hellip;]<\/p>\n","protected":false},"author":1,"featured_media":0,"parent":0,"menu_order":0,"comment_status":"closed","ping_status":"closed","template":"","meta":{"_genesis_hide_title":false,"_genesis_hide_breadcrumbs":false,"_genesis_hide_singular_image":false,"_genesis_hide_footer_widgets":false,"_genesis_custom_body_class":"","_genesis_custom_post_class":"","_genesis_layout":"","_EventAllDay":false,"_EventTimezone":"","_EventStartDate":"","_EventEndDate":"","_EventStartDateUTC":"","_EventEndDateUTC":"","_EventShowMap":false,"_EventShowMapLink":false,"_EventURL":"","_EventCost":"","_EventCostDescription":"","_EventCurrencySymbol":"","_EventCurrencyCode":"","_EventCurrencyPosition":"","_EventDateTimeSeparator":"","_EventTimeRangeSeparator":"","_EventOrganizerID":[],"_EventVenueID":[],"_OrganizerEmail":"","_OrganizerPhone":"","_OrganizerWebsite":"","_VenueAddress":"","_VenueCity":"","_VenueCountry":"","_VenueProvince":"","_VenueState":"","_VenueZip":"","_VenuePhone":"","_VenueURL":"","_VenueStateProvince":"","_VenueLat":"","_VenueLng":"","_VenueShowMap":false,"_VenueShowMapLink":false,"footnotes":""},"class_list":["post-186","page","type-page","status-publish","entry","one-third"],"yoast_head":"<!-- This site is optimized with the Yoast SEO plugin v26.2 - https:\/\/yoast.com\/wordpress\/plugins\/seo\/ -->\n<title>Pol\u00edtica de privacidad - Una Pila de Razones<\/title>\n<meta name=\"robots\" content=\"index, follow, max-snippet:-1, max-image-preview:large, max-video-preview:-1\" \/>\n<link rel=\"canonical\" href=\"https:\/\/reciclatuspilas.com\/unapiladerazones\/politica-de-privacidad\/\" \/>\n<meta property=\"og:locale\" content=\"es_ES\" \/>\n<meta property=\"og:type\" content=\"article\" \/>\n<meta property=\"og:title\" content=\"Pol\u00edtica de privacidad - Una Pila de Razones\" \/>\n<meta property=\"og:description\" content=\"Esta p\u00e1gina Web es propiedad de Descubre Comunicaci\u00f3n SL con CIF n\u00ba B90115395 y domicilio en C\/O&#8217;Donnell 10B, planta 4, 41001, Sevilla e inscrita en el Registro Mercantil de Sevilla [&hellip;]\" \/>\n<meta property=\"og:url\" content=\"https:\/\/reciclatuspilas.com\/unapiladerazones\/politica-de-privacidad\/\" \/>\n<meta property=\"og:site_name\" content=\"Una Pila de Razones\" \/>\n<meta property=\"article:publisher\" content=\"https:\/\/www.facebook.com\/ReciclatuspilasAndalucia\" \/>\n<meta property=\"article:modified_time\" content=\"2024-07-11T12:34:49+00:00\" \/>\n<meta name=\"twitter:card\" content=\"summary_large_image\" \/>\n<meta name=\"twitter:site\" content=\"@ReciclaPilasAnd\" \/>\n<meta name=\"twitter:label1\" content=\"Tiempo de lectura\" \/>\n\t<meta name=\"twitter:data1\" content=\"5 minutos\" \/>\n<script type=\"application\/ld+json\" class=\"yoast-schema-graph\">{\"@context\":\"https:\/\/schema.org\",\"@graph\":[{\"@type\":\"WebPage\",\"@id\":\"https:\/\/reciclatuspilas.com\/unapiladerazones\/politica-de-privacidad\/\",\"url\":\"https:\/\/reciclatuspilas.com\/unapiladerazones\/politica-de-privacidad\/\",\"name\":\"Pol\u00edtica de privacidad - Una Pila de Razones\",\"isPartOf\":{\"@id\":\"https:\/\/reciclatuspilas.com\/unapiladerazones\/#website\"},\"datePublished\":\"2024-07-11T12:34:48+00:00\",\"dateModified\":\"2024-07-11T12:34:49+00:00\",\"breadcrumb\":{\"@id\":\"https:\/\/reciclatuspilas.com\/unapiladerazones\/politica-de-privacidad\/#breadcrumb\"},\"inLanguage\":\"es\",\"potentialAction\":[{\"@type\":\"ReadAction\",\"target\":[\"https:\/\/reciclatuspilas.com\/unapiladerazones\/politica-de-privacidad\/\"]}]},{\"@type\":\"BreadcrumbList\",\"@id\":\"https:\/\/reciclatuspilas.com\/unapiladerazones\/politica-de-privacidad\/#breadcrumb\",\"itemListElement\":[{\"@type\":\"ListItem\",\"position\":1,\"name\":\"Portada\",\"item\":\"https:\/\/reciclatuspilas.com\/unapiladerazones\/\"},{\"@type\":\"ListItem\",\"position\":2,\"name\":\"Pol\u00edtica de privacidad\"}]},{\"@type\":\"WebSite\",\"@id\":\"https:\/\/reciclatuspilas.com\/unapiladerazones\/#website\",\"url\":\"https:\/\/reciclatuspilas.com\/unapiladerazones\/\",\"name\":\"Una Pila de Razones\",\"description\":\"Recicla Tus Pilas Andaluc\u00eda\",\"publisher\":{\"@id\":\"https:\/\/reciclatuspilas.com\/unapiladerazones\/#organization\"},\"potentialAction\":[{\"@type\":\"SearchAction\",\"target\":{\"@type\":\"EntryPoint\",\"urlTemplate\":\"https:\/\/reciclatuspilas.com\/unapiladerazones\/?s={search_term_string}\"},\"query-input\":{\"@type\":\"PropertyValueSpecification\",\"valueRequired\":true,\"valueName\":\"search_term_string\"}}],\"inLanguage\":\"es\"},{\"@type\":\"Organization\",\"@id\":\"https:\/\/reciclatuspilas.com\/unapiladerazones\/#organization\",\"name\":\"Una Pila de Razones\",\"url\":\"https:\/\/reciclatuspilas.com\/unapiladerazones\/\",\"logo\":{\"@type\":\"ImageObject\",\"inLanguage\":\"es\",\"@id\":\"https:\/\/reciclatuspilas.com\/unapiladerazones\/#\/schema\/logo\/image\/\",\"url\":\"https:\/\/reciclatuspilas.com\/unapiladerazones\/wp-content\/uploads\/2024\/07\/main-title-blue.svg\",\"contentUrl\":\"https:\/\/reciclatuspilas.com\/unapiladerazones\/wp-content\/uploads\/2024\/07\/main-title-blue.svg\",\"width\":1,\"height\":1,\"caption\":\"Una Pila de Razones\"},\"image\":{\"@id\":\"https:\/\/reciclatuspilas.com\/unapiladerazones\/#\/schema\/logo\/image\/\"},\"sameAs\":[\"https:\/\/www.facebook.com\/ReciclatuspilasAndalucia\",\"https:\/\/x.com\/ReciclaPilasAnd\",\"https:\/\/www.instagram.com\/reciclatuspilasandalucia\",\"https:\/\/www.linkedin.com\/company\/19140274\",\"https:\/\/www.youtube.com\/channel\/UCKufkPoVxtZ0YNca9GgLTZQ\"]}]}<\/script>\n<!-- \/ Yoast SEO plugin. -->","yoast_head_json":{"title":"Pol\u00edtica de privacidad - Una Pila de Razones","robots":{"index":"index","follow":"follow","max-snippet":"max-snippet:-1","max-image-preview":"max-image-preview:large","max-video-preview":"max-video-preview:-1"},"canonical":"https:\/\/reciclatuspilas.com\/unapiladerazones\/politica-de-privacidad\/","og_locale":"es_ES","og_type":"article","og_title":"Pol\u00edtica de privacidad - Una Pila de Razones","og_description":"Esta p\u00e1gina Web es propiedad de Descubre Comunicaci\u00f3n SL con CIF n\u00ba B90115395 y domicilio en C\/O&#8217;Donnell 10B, planta 4, 41001, Sevilla e inscrita en el Registro Mercantil de Sevilla [&hellip;]","og_url":"https:\/\/reciclatuspilas.com\/unapiladerazones\/politica-de-privacidad\/","og_site_name":"Una Pila de Razones","article_publisher":"https:\/\/www.facebook.com\/ReciclatuspilasAndalucia","article_modified_time":"2024-07-11T12:34:49+00:00","twitter_card":"summary_large_image","twitter_site":"@ReciclaPilasAnd","twitter_misc":{"Tiempo de lectura":"5 minutos"},"schema":{"@context":"https:\/\/schema.org","@graph":[{"@type":"WebPage","@id":"https:\/\/reciclatuspilas.com\/unapiladerazones\/politica-de-privacidad\/","url":"https:\/\/reciclatuspilas.com\/unapiladerazones\/politica-de-privacidad\/","name":"Pol\u00edtica de privacidad - Una Pila de Razones","isPartOf":{"@id":"https:\/\/reciclatuspilas.com\/unapiladerazones\/#website"},"datePublished":"2024-07-11T12:34:48+00:00","dateModified":"2024-07-11T12:34:49+00:00","breadcrumb":{"@id":"https:\/\/reciclatuspilas.com\/unapiladerazones\/politica-de-privacidad\/#breadcrumb"},"inLanguage":"es","potentialAction":[{"@type":"ReadAction","target":["https:\/\/reciclatuspilas.com\/unapiladerazones\/politica-de-privacidad\/"]}]},{"@type":"BreadcrumbList","@id":"https:\/\/reciclatuspilas.com\/unapiladerazones\/politica-de-privacidad\/#breadcrumb","itemListElement":[{"@type":"ListItem","position":1,"name":"Portada","item":"https:\/\/reciclatuspilas.com\/unapiladerazones\/"},{"@type":"ListItem","position":2,"name":"Pol\u00edtica de privacidad"}]},{"@type":"WebSite","@id":"https:\/\/reciclatuspilas.com\/unapiladerazones\/#website","url":"https:\/\/reciclatuspilas.com\/unapiladerazones\/","name":"Una Pila de Razones","description":"Recicla Tus Pilas Andaluc\u00eda","publisher":{"@id":"https:\/\/reciclatuspilas.com\/unapiladerazones\/#organization"},"potentialAction":[{"@type":"SearchAction","target":{"@type":"EntryPoint","urlTemplate":"https:\/\/reciclatuspilas.com\/unapiladerazones\/?s={search_term_string}"},"query-input":{"@type":"PropertyValueSpecification","valueRequired":true,"valueName":"search_term_string"}}],"inLanguage":"es"},{"@type":"Organization","@id":"https:\/\/reciclatuspilas.com\/unapiladerazones\/#organization","name":"Una Pila de Razones","url":"https:\/\/reciclatuspilas.com\/unapiladerazones\/","logo":{"@type":"ImageObject","inLanguage":"es","@id":"https:\/\/reciclatuspilas.com\/unapiladerazones\/#\/schema\/logo\/image\/","url":"https:\/\/reciclatuspilas.com\/unapiladerazones\/wp-content\/uploads\/2024\/07\/main-title-blue.svg","contentUrl":"https:\/\/reciclatuspilas.com\/unapiladerazones\/wp-content\/uploads\/2024\/07\/main-title-blue.svg","width":1,"height":1,"caption":"Una Pila de Razones"},"image":{"@id":"https:\/\/reciclatuspilas.com\/unapiladerazones\/#\/schema\/logo\/image\/"},"sameAs":["https:\/\/www.facebook.com\/ReciclatuspilasAndalucia","https:\/\/x.com\/ReciclaPilasAnd","https:\/\/www.instagram.com\/reciclatuspilasandalucia","https:\/\/www.linkedin.com\/company\/19140274","https:\/\/www.youtube.com\/channel\/UCKufkPoVxtZ0YNca9GgLTZQ"]}]}},"featured_image_src":null,"featured_image_src_square":null,"_links":{"self":[{"href":"https:\/\/reciclatuspilas.com\/unapiladerazones\/wp-json\/wp\/v2\/pages\/186","targetHints":{"allow":["GET"]}}],"collection":[{"href":"https:\/\/reciclatuspilas.com\/unapiladerazones\/wp-json\/wp\/v2\/pages"}],"about":[{"href":"https:\/\/reciclatuspilas.com\/unapiladerazones\/wp-json\/wp\/v2\/types\/page"}],"author":[{"embeddable":true,"href":"https:\/\/reciclatuspilas.com\/unapiladerazones\/wp-json\/wp\/v2\/users\/1"}],"replies":[{"embeddable":true,"href":"https:\/\/reciclatuspilas.com\/unapiladerazones\/wp-json\/wp\/v2\/comments?post=186"}],"version-history":[{"count":1,"href":"https:\/\/reciclatuspilas.com\/unapiladerazones\/wp-json\/wp\/v2\/pages\/186\/revisions"}],"predecessor-version":[{"id":187,"href":"https:\/\/reciclatuspilas.com\/unapiladerazones\/wp-json\/wp\/v2\/pages\/186\/revisions\/187"}],"wp:attachment":[{"href":"https:\/\/reciclatuspilas.com\/unapiladerazones\/wp-json\/wp\/v2\/media?parent=186"}],"curies":[{"name":"wp","href":"https:\/\/api.w.org\/{rel}","templated":true}]}}