{"id":165,"date":"2024-07-11T14:17:17","date_gmt":"2024-07-11T12:17:17","guid":{"rendered":"https:\/\/reciclatuspilas.com\/unapiladerazones\/?page_id=165"},"modified":"2025-10-24T13:12:36","modified_gmt":"2025-10-24T11:12:36","slug":"la-campana","status":"publish","type":"page","link":"https:\/\/reciclatuspilas.com\/unapiladerazones\/la-campana\/","title":{"rendered":"La campa\u00f1a"},"content":{"rendered":"\n<h2 class=\"wp-block-heading\">Qu\u00e9 es Recicla tus Pilas Andaluc\u00eda<\/h2>\n\n\n\n<p>\u2018<a href=\"https:\/\/www.reciclatuspilas.com\/\">Recicla tus pilas Andaluc\u00eda<\/a>\u2019 tiene por objeto impulsar el <strong>reciclaje de pilas y acumuladores <\/strong>en nuestra comunidad aut\u00f3noma. Est\u00e1 impulsado por la <a href=\"https:\/\/www.juntadeandalucia.es\/organismos\/sostenibilidadmedioambienteyeconomiaazul.html\">Consejer\u00eda de Sostenibilidad y Medio Ambiente de la Junta de Andaluc\u00eda<\/a>, la <a href=\"https:\/\/www.famp.es\/\">Federaci\u00f3n Andaluza de Municipios y Provincias (FAMP)<\/a> y con el apoyo de los Sistemas Colectivos de Responsabilidad Ampliada del Productor (SCRAP) que operan en la comunidad aut\u00f3noma y que son <a href=\"https:\/\/ecolec.es\/\">Ecolec<\/a>, <a href=\"https:\/\/www.ecopilas.es\/\">Ecopilas<\/a> y <a href=\"https:\/\/erp-recycling.org\/es-es\/contactenos\/\">ERP Espa\u00f1a.<\/a> Tenemos un claro <strong>compromiso con el medio ambiente<\/strong>. El objetivo de \u2018Recicla tu pilas Andaluc\u00eda\u2019 es <strong>concienciar sobre la importancia de la correcta gesti\u00f3n de RPA <\/strong>(residuos de pilas y acumuladores) para la sociedad.<\/p>\n\n\n\n<div style=\"color:#ddd\" class=\"wp-block-genesis-blocks-gb-spacer gb-block-spacer gb-divider-solid gb-divider-size-1\"><hr style=\"height:30px\"\/><\/div>\n\n\n\n<h2 class=\"wp-block-heading\">Una Pila de Razones<\/h2>\n\n\n\n<p>La campa\u00f1a se presenta ante la <strong>sociedad andaluza<\/strong> con un doble enfoque: <strong>concienciar a los consumidores sobre la importancia de recoger los RPA <\/strong>de manera separada, y proporcionar <strong>informaci\u00f3n sobre la red de puntos de recogida selectiva<\/strong>, principalmente en puntos de recogida municipal y puntos de venta de pilas. Adem\u00e1s, busca incrementar el conocimiento del <strong><a href=\"https:\/\/www.reciclatuspilas.com\/marco-de-colaboracion\/\">Convenio Marco<\/a><\/strong> entre las entidades locales y fomentar su adhesi\u00f3n, poni\u00e9ndolo en valor como un elemento diferenciador y comunicativo a nivel institucional.<\/p>\n\n\n\n<p>La segunda edici\u00f3n de la campa\u00f1a <strong><a href=\"http:\/\/www.unapilasderazones.com\">\u2018Una Pila de Razones\u2019 <\/a><\/strong>recorrer\u00e1 toda Andaluc\u00eda del <strong>30 de octubre de 2025 al 22 de abril de 20264<\/strong>, con <strong>puntos y rutas informativas<\/strong> en diferentes <strong>municipios y universidades <\/strong>de cada provincia andaluza, incluyendo las capitales. El objetivo es promover la <strong>correcta gesti\u00f3n de los residuos de pilas y acumuladores (RPA)<\/strong> y dar a conocer las ventajas medioambientales, sociales y econ\u00f3micas que esto conlleva. Asimismo, informaremos a la ciudadan\u00eda sobre las <strong>distintas v\u00edas de gesti\u00f3n de RPA disponibles<\/strong>.<\/p>\n\n\n\n<div style=\"color:#ddd\" class=\"wp-block-genesis-blocks-gb-spacer gb-block-spacer gb-divider-solid gb-divider-size-1\"><hr style=\"height:30px\"\/><\/div>\n\n\n\n<h2 class=\"wp-block-heading\">Tipos de acciones de la campa\u00f1a<\/h2>\n\n\n\n<ul class=\"wp-block-list\">\n<li><em>Street marketing<\/em> en <strong>cascos urbanos o sedes de las EELL adheridas al Convenio Marco y capitales de provincia<\/strong>: Los municipios o entidades locales a los que se dirige esta acci\u00f3n son aquellos <strong>inscritos en el Convenio Marco<\/strong> y las capitales de las<strong> 8 provincias<\/strong>. En esta acci\u00f3n participar\u00e1 un <strong>equipo de dos personas<\/strong> con la instalaci\u00f3n de un <strong>stand m\u00f3vil<\/strong> en las inmediaciones de los ayuntamientos seleccionados y\/o centros c\u00edvicos, bibliotecas, sedes de distritos, etc.<\/li>\n\n\n\n<li><em>Street marketing<\/em> en <strong>zonas comerciales de gran afluencia de p\u00fablico<\/strong> (centros urbanos, \u00e1reas de alta densidad comercial, etc.): Esta actividad se llevar\u00e1 a cabo en <strong>\u00e1reas comerciales con alta afluencia de p\u00fablico<\/strong>. Ser\u00e1 una acci\u00f3n \u00e1gil y \u2018m\u00f3vil\u2019, con un <strong>equipo de dos informadores<\/strong> que atender\u00e1n el stand m\u00f3vil. Uno de ellos recorrer\u00e1 a pie las zonas comerciales cercanas.<\/li>\n\n\n\n<li><em>Street marketing<\/em> en <strong>campus universitarios<\/strong>: Con estas acciones se llegar\u00e1 al <strong>p\u00fablico joven<\/strong> (universitario). Este p\u00fablico contar\u00e1 una acci\u00f3n espec\u00edfica para ellos en los distintos <strong>campus universitarios andaluces<\/strong>. En concreto, se visitar\u00e1n los siguientes campus universitarios: Almer\u00eda, C\u00e1diz, C\u00f3rdoba, Granada, Huelva, Ja\u00e9n, M\u00e1laga, Sevilla, Pablo de Olavide.<\/li>\n<\/ul>\n\n\n\n<div style=\"color:#ddd\" class=\"wp-block-genesis-blocks-gb-spacer gb-block-spacer gb-divider-solid gb-divider-size-1\"><hr style=\"height:30px\"\/><\/div>\n\n\n\n<h2 class=\"wp-block-heading\">Qu\u00e9 son los RPA y la importancia de su reciclaje<\/h2>\n\n\n\n<p>Los <strong>residuos de pilas y acumuladores<\/strong> son fuentes de energ\u00eda el\u00e9ctrica obtenida por transformaci\u00f3n directa de energ\u00eda qu\u00edmica. Cuando dejan de ser \u00fatiles, se convierten en residuos. La diferencia entre una pila y un acumulador radica en que la primera no es recargable, mientras que el segundo s\u00ed lo es. <\/p>\n\n\n\n<p>Las bater\u00edas son conjuntos de pilas o acumuladores conectados entre s\u00ed, formando una unidad integrada y protegida por una carcasa exterior. El s\u00edmbolo que indica la \u00ab<strong>recogida selectiva<\/strong>\u00bb de todas las pilas, acumuladores y bater\u00edas es el contenedor de basura tachado.<\/p>\n\n\n\n<p>Reciclar estas sustancias permite <strong>preservar los recursos no renovables<\/strong> y evitar que materiales contaminantes terminen en el medio natural.<\/p>\n\n\n\n<div style=\"color:#ddd\" class=\"wp-block-genesis-blocks-gb-spacer gb-block-spacer gb-divider-solid gb-divider-size-1\"><hr style=\"height:30px\"\/><\/div>\n\n\n\n<h2 class=\"wp-block-heading\">Qu\u00e9 tipos de RPA existen<\/h2>\n\n\n\n<div class=\"wp-block-genesis-blocks-gb-columns gb-layout-columns-3 gb-3-col-equal\"><div class=\"gb-layout-column-wrap gb-block-layout-column-gap-2 gb-is-responsive-column\">\n<div class=\"wp-block-genesis-blocks-gb-column gb-block-layout-column\"><div class=\"gb-block-layout-column-inner\">\n<figure class=\"wp-block-image size-full\"><img loading=\"lazy\" decoding=\"async\" width=\"480\" height=\"480\" src=\"https:\/\/reciclatuspilas.com\/unapiladerazones\/wp-content\/uploads\/2024\/09\/pilas-boton.png\" alt=\"\" class=\"wp-image-1548\" srcset=\"https:\/\/reciclatuspilas.com\/unapiladerazones\/wp-content\/uploads\/2024\/09\/pilas-boton.png 480w, https:\/\/reciclatuspilas.com\/unapiladerazones\/wp-content\/uploads\/2024\/09\/pilas-boton-75x75.png 75w\" sizes=\"auto, (max-width: 480px) 100vw, 480px\" \/><\/figure>\n\n\n\n<p class=\"has-text-align-center\">Pilas de bot\u00f3n<\/p>\n<\/div><\/div>\n\n\n\n<div class=\"wp-block-genesis-blocks-gb-column gb-block-layout-column\"><div class=\"gb-block-layout-column-inner\">\n<figure class=\"wp-block-image size-full\"><img loading=\"lazy\" decoding=\"async\" width=\"480\" height=\"480\" src=\"https:\/\/reciclatuspilas.com\/unapiladerazones\/wp-content\/uploads\/2024\/09\/pilas-estandar.png\" alt=\"\" class=\"wp-image-1549\" srcset=\"https:\/\/reciclatuspilas.com\/unapiladerazones\/wp-content\/uploads\/2024\/09\/pilas-estandar.png 480w, https:\/\/reciclatuspilas.com\/unapiladerazones\/wp-content\/uploads\/2024\/09\/pilas-estandar-75x75.png 75w\" sizes=\"auto, (max-width: 480px) 100vw, 480px\" \/><\/figure>\n\n\n\n<p class=\"has-text-align-center\">Pilas est\u00e1ndar<\/p>\n<\/div><\/div>\n\n\n\n<div class=\"wp-block-genesis-blocks-gb-column gb-block-layout-column\"><div class=\"gb-block-layout-column-inner\">\n<figure class=\"wp-block-image size-full\"><img loading=\"lazy\" decoding=\"async\" width=\"480\" height=\"480\" src=\"https:\/\/reciclatuspilas.com\/unapiladerazones\/wp-content\/uploads\/2024\/09\/acumulador-portatil.png\" alt=\"\" class=\"wp-image-1550\" srcset=\"https:\/\/reciclatuspilas.com\/unapiladerazones\/wp-content\/uploads\/2024\/09\/acumulador-portatil.png 480w, https:\/\/reciclatuspilas.com\/unapiladerazones\/wp-content\/uploads\/2024\/09\/acumulador-portatil-75x75.png 75w\" sizes=\"auto, (max-width: 480px) 100vw, 480px\" \/><\/figure>\n\n\n\n<p class=\"has-text-align-center\">Pila o acumulador port\u00e1til<\/p>\n<\/div><\/div>\n<\/div><\/div>\n\n\n\n<div class=\"wp-block-genesis-blocks-gb-columns gb-layout-columns-3 gb-3-col-equal\"><div class=\"gb-layout-column-wrap gb-block-layout-column-gap-2 gb-is-responsive-column\">\n<div class=\"wp-block-genesis-blocks-gb-column gb-block-layout-column\"><div class=\"gb-block-layout-column-inner\">\n<figure class=\"wp-block-image size-full\"><img loading=\"lazy\" decoding=\"async\" width=\"480\" height=\"480\" src=\"https:\/\/reciclatuspilas.com\/unapiladerazones\/wp-content\/uploads\/2024\/09\/bateria-automocion.png\" alt=\"\" class=\"wp-image-1551\" srcset=\"https:\/\/reciclatuspilas.com\/unapiladerazones\/wp-content\/uploads\/2024\/09\/bateria-automocion.png 480w, https:\/\/reciclatuspilas.com\/unapiladerazones\/wp-content\/uploads\/2024\/09\/bateria-automocion-75x75.png 75w\" sizes=\"auto, (max-width: 480px) 100vw, 480px\" \/><\/figure>\n\n\n\n<p class=\"has-text-align-center\">Pila o acumulador de automoci\u00f3n<\/p>\n<\/div><\/div>\n\n\n\n<div class=\"wp-block-genesis-blocks-gb-column gb-block-layout-column\"><div class=\"gb-block-layout-column-inner\">\n<figure class=\"wp-block-image size-full\"><img loading=\"lazy\" decoding=\"async\" width=\"480\" height=\"480\" src=\"https:\/\/reciclatuspilas.com\/unapiladerazones\/wp-content\/uploads\/2024\/09\/acumulador-industrial.png\" alt=\"\" class=\"wp-image-1552\" srcset=\"https:\/\/reciclatuspilas.com\/unapiladerazones\/wp-content\/uploads\/2024\/09\/acumulador-industrial.png 480w, https:\/\/reciclatuspilas.com\/unapiladerazones\/wp-content\/uploads\/2024\/09\/acumulador-industrial-75x75.png 75w\" sizes=\"auto, (max-width: 480px) 100vw, 480px\" \/><\/figure>\n\n\n\n<p class=\"has-text-align-center\">Pila o acumulador industrial<\/p>\n<\/div><\/div>\n\n\n\n<div class=\"wp-block-genesis-blocks-gb-column gb-block-layout-column\"><div class=\"gb-block-layout-column-inner\">\n<figure class=\"wp-block-image size-full\"><img loading=\"lazy\" decoding=\"async\" width=\"480\" height=\"480\" src=\"https:\/\/reciclatuspilas.com\/unapiladerazones\/wp-content\/uploads\/2024\/09\/bateria.png\" alt=\"\" class=\"wp-image-1553\" srcset=\"https:\/\/reciclatuspilas.com\/unapiladerazones\/wp-content\/uploads\/2024\/09\/bateria.png 480w, https:\/\/reciclatuspilas.com\/unapiladerazones\/wp-content\/uploads\/2024\/09\/bateria-75x75.png 75w\" sizes=\"auto, (max-width: 480px) 100vw, 480px\" \/><\/figure>\n\n\n\n<p class=\"has-text-align-center\">Bater\u00eda<\/p>\n<\/div><\/div>\n<\/div><\/div>\n\n\n\n<div style=\"color:#ddd\" class=\"wp-block-genesis-blocks-gb-spacer gb-block-spacer gb-divider-solid gb-divider-size-1\"><hr style=\"height:30px\"\/><\/div>\n\n\n\n<h2 class=\"wp-block-heading\">\u00bfQu\u00e9 hago con mis RPA?<\/h2>\n\n\n\n<p>Una de las preguntas m\u00e1s comunes entre la ciudadan\u00eda es <strong>d\u00f3nde se pueden depositar las pilas y bater\u00edas <\/strong>usadas. Estos residuos tienen sus propios contenedores, y existen varias <strong>opciones gratuitas<\/strong> para depositar los RPA correctamente:<\/p>\n\n\n\n<p>1- Las <strong>tiendas y distribuidores<\/strong> que vendan pilas<\/p>\n\n\n\n<p>2- <strong>Puntos limpios<\/strong>, permanentes o m\u00f3viles, habilitados por las entidades locales competentes<\/p>\n\n\n\n<p>3- <strong>Contenedores especiales<\/strong> situados en plena calle o en espacios p\u00fablicos y de f\u00e1cil acceso<\/p>\n\n\n\n<p>4- <strong>Iniciativas eventuales<\/strong> organizadas por los gestores autorizados para la recogida de RPA<\/p>\n\n\n\n<div style=\"color:#ddd\" class=\"wp-block-genesis-blocks-gb-spacer gb-block-spacer gb-divider-solid gb-divider-size-1\"><hr style=\"height:30px\"\/><\/div>\n\n\n\n<h2 class=\"wp-block-heading\">\u00bfQu\u00e9 es la econom\u00eda circular?<\/h2>\n\n\n\n<p>La<strong> Econom\u00eda Circular<\/strong> es una estrategia que tiene como objetivo <strong>reducir el uso de materiales v\u00edrgenes y la producci\u00f3n de desechos<\/strong>, cerrando los ciclos econ\u00f3micos y ecol\u00f3gicos de los recursos. Para lograrlo, es fundamental apostar por un <strong>modelo productivo<\/strong> basado en el <strong>reciclaje<\/strong>, lo cual incrementa la eficiencia y promueve la transici\u00f3n hacia una econom\u00eda circular. Este modelo se centra en las llamadas <strong>3R: reducir, reutilizar y reciclar<\/strong>. Es crucial adoptar este enfoque, que nos permite <strong>aprovechar los materiales<\/strong> presentes en los residuos de pilas y acumuladores (RPA) para la <strong>fabricaci\u00f3n de nuevos productos<\/strong>.<\/p>\n","protected":false},"excerpt":{"rendered":"<p>Qu\u00e9 es Recicla tus Pilas Andaluc\u00eda \u2018Recicla tus pilas Andaluc\u00eda\u2019 tiene por objeto impulsar el reciclaje de pilas y acumuladores en nuestra comunidad aut\u00f3noma. Est\u00e1 impulsado por la Consejer\u00eda de [&hellip;]<\/p>\n","protected":false},"author":1,"featured_media":1611,"parent":0,"menu_order":0,"comment_status":"closed","ping_status":"closed","template":"","meta":{"_genesis_hide_title":false,"_genesis_hide_breadcrumbs":false,"_genesis_hide_singular_image":false,"_genesis_hide_footer_widgets":false,"_genesis_custom_body_class":"","_genesis_custom_post_class":"","_genesis_layout":"","_EventAllDay":false,"_EventTimezone":"","_EventStartDate":"","_EventEndDate":"","_EventStartDateUTC":"","_EventEndDateUTC":"","_EventShowMap":false,"_EventShowMapLink":false,"_EventURL":"","_EventCost":"","_EventCostDescription":"","_EventCurrencySymbol":"","_EventCurrencyCode":"","_EventCurrencyPosition":"","_EventDateTimeSeparator":"","_EventTimeRangeSeparator":"","_EventOrganizerID":[],"_EventVenueID":[],"_OrganizerEmail":"","_OrganizerPhone":"","_OrganizerWebsite":"","_VenueAddress":"","_VenueCity":"","_VenueCountry":"","_VenueProvince":"","_VenueState":"","_VenueZip":"","_VenuePhone":"","_VenueURL":"","_VenueStateProvince":"","_VenueLat":"","_VenueLng":"","_VenueShowMap":false,"_VenueShowMapLink":false,"footnotes":""},"class_list":["post-165","page","type-page","status-publish","has-post-thumbnail","entry","one-third"],"yoast_head":"<!-- This site is optimized with the Yoast SEO plugin v26.2 - https:\/\/yoast.com\/wordpress\/plugins\/seo\/ -->\n<title>La campa\u00f1a - Una Pila de Razones<\/title>\n<meta name=\"description\" content=\"\u2018Recicla tus pilas Andaluc\u00eda\u2019 tiene por objeto impulsar el reciclaje de pilas y acumuladores en nuestra comunidad aut\u00f3noma.\" \/>\n<meta name=\"robots\" content=\"index, follow, max-snippet:-1, max-image-preview:large, max-video-preview:-1\" \/>\n<link rel=\"canonical\" href=\"https:\/\/reciclatuspilas.com\/unapiladerazones\/la-campana\/\" \/>\n<meta property=\"og:locale\" content=\"es_ES\" \/>\n<meta property=\"og:type\" content=\"article\" \/>\n<meta property=\"og:title\" content=\"Una Pila de Razones\" \/>\n<meta property=\"og:description\" content=\"\u2018Recicla tus pilas Andaluc\u00eda\u2019 tiene por objeto impulsar el reciclaje de pilas y acumuladores en nuestra comunidad aut\u00f3noma.\" \/>\n<meta property=\"og:url\" content=\"https:\/\/reciclatuspilas.com\/unapiladerazones\/la-campana\/\" \/>\n<meta property=\"og:site_name\" content=\"Una Pila de Razones\" \/>\n<meta property=\"article:publisher\" content=\"https:\/\/www.facebook.com\/ReciclatuspilasAndalucia\" \/>\n<meta property=\"article:modified_time\" content=\"2025-10-24T11:12:36+00:00\" \/>\n<meta property=\"og:image\" content=\"https:\/\/reciclatuspilas.com\/unapiladerazones\/wp-content\/uploads\/2024\/09\/grafica-redes-web-unapiladerazones.jpg\" \/>\n\t<meta property=\"og:image:width\" content=\"1200\" \/>\n\t<meta property=\"og:image:height\" content=\"630\" \/>\n\t<meta property=\"og:image:type\" content=\"image\/jpeg\" \/>\n<meta name=\"twitter:card\" content=\"summary_large_image\" \/>\n<meta name=\"twitter:title\" content=\"Una Pila de Razones\" \/>\n<meta name=\"twitter:image\" content=\"https:\/\/reciclatuspilas.com\/unapiladerazones\/wp-content\/uploads\/2024\/09\/grafica-redes-web-unapiladerazones.jpg\" \/>\n<meta name=\"twitter:site\" content=\"@ReciclaPilasAnd\" \/>\n<meta name=\"twitter:label1\" content=\"Tiempo de lectura\" \/>\n\t<meta name=\"twitter:data1\" content=\"1 minuto\" \/>\n<script type=\"application\/ld+json\" class=\"yoast-schema-graph\">{\"@context\":\"https:\/\/schema.org\",\"@graph\":[{\"@type\":\"WebPage\",\"@id\":\"https:\/\/reciclatuspilas.com\/unapiladerazones\/la-campana\/\",\"url\":\"https:\/\/reciclatuspilas.com\/unapiladerazones\/la-campana\/\",\"name\":\"La campa\u00f1a - Una Pila de Razones\",\"isPartOf\":{\"@id\":\"https:\/\/reciclatuspilas.com\/unapiladerazones\/#website\"},\"primaryImageOfPage\":{\"@id\":\"https:\/\/reciclatuspilas.com\/unapiladerazones\/la-campana\/#primaryimage\"},\"image\":{\"@id\":\"https:\/\/reciclatuspilas.com\/unapiladerazones\/la-campana\/#primaryimage\"},\"thumbnailUrl\":\"https:\/\/reciclatuspilas.com\/unapiladerazones\/wp-content\/uploads\/2024\/09\/grafica-redes-web-unapiladerazones.jpg\",\"datePublished\":\"2024-07-11T12:17:17+00:00\",\"dateModified\":\"2025-10-24T11:12:36+00:00\",\"description\":\"\u2018Recicla tus pilas Andaluc\u00eda\u2019 tiene por objeto impulsar el reciclaje de pilas y acumuladores en nuestra comunidad aut\u00f3noma.\",\"breadcrumb\":{\"@id\":\"https:\/\/reciclatuspilas.com\/unapiladerazones\/la-campana\/#breadcrumb\"},\"inLanguage\":\"es\",\"potentialAction\":[{\"@type\":\"ReadAction\",\"target\":[\"https:\/\/reciclatuspilas.com\/unapiladerazones\/la-campana\/\"]}]},{\"@type\":\"ImageObject\",\"inLanguage\":\"es\",\"@id\":\"https:\/\/reciclatuspilas.com\/unapiladerazones\/la-campana\/#primaryimage\",\"url\":\"https:\/\/reciclatuspilas.com\/unapiladerazones\/wp-content\/uploads\/2024\/09\/grafica-redes-web-unapiladerazones.jpg\",\"contentUrl\":\"https:\/\/reciclatuspilas.com\/unapiladerazones\/wp-content\/uploads\/2024\/09\/grafica-redes-web-unapiladerazones.jpg\",\"width\":1200,\"height\":630,\"caption\":\"Una Pila de Razones\"},{\"@type\":\"BreadcrumbList\",\"@id\":\"https:\/\/reciclatuspilas.com\/unapiladerazones\/la-campana\/#breadcrumb\",\"itemListElement\":[{\"@type\":\"ListItem\",\"position\":1,\"name\":\"Portada\",\"item\":\"https:\/\/reciclatuspilas.com\/unapiladerazones\/\"},{\"@type\":\"ListItem\",\"position\":2,\"name\":\"La campa\u00f1a\"}]},{\"@type\":\"WebSite\",\"@id\":\"https:\/\/reciclatuspilas.com\/unapiladerazones\/#website\",\"url\":\"https:\/\/reciclatuspilas.com\/unapiladerazones\/\",\"name\":\"Una Pila de Razones\",\"description\":\"Recicla Tus Pilas Andaluc\u00eda\",\"publisher\":{\"@id\":\"https:\/\/reciclatuspilas.com\/unapiladerazones\/#organization\"},\"potentialAction\":[{\"@type\":\"SearchAction\",\"target\":{\"@type\":\"EntryPoint\",\"urlTemplate\":\"https:\/\/reciclatuspilas.com\/unapiladerazones\/?s={search_term_string}\"},\"query-input\":{\"@type\":\"PropertyValueSpecification\",\"valueRequired\":true,\"valueName\":\"search_term_string\"}}],\"inLanguage\":\"es\"},{\"@type\":\"Organization\",\"@id\":\"https:\/\/reciclatuspilas.com\/unapiladerazones\/#organization\",\"name\":\"Una Pila de Razones\",\"url\":\"https:\/\/reciclatuspilas.com\/unapiladerazones\/\",\"logo\":{\"@type\":\"ImageObject\",\"inLanguage\":\"es\",\"@id\":\"https:\/\/reciclatuspilas.com\/unapiladerazones\/#\/schema\/logo\/image\/\",\"url\":\"https:\/\/reciclatuspilas.com\/unapiladerazones\/wp-content\/uploads\/2024\/07\/main-title-blue.svg\",\"contentUrl\":\"https:\/\/reciclatuspilas.com\/unapiladerazones\/wp-content\/uploads\/2024\/07\/main-title-blue.svg\",\"width\":1,\"height\":1,\"caption\":\"Una Pila de Razones\"},\"image\":{\"@id\":\"https:\/\/reciclatuspilas.com\/unapiladerazones\/#\/schema\/logo\/image\/\"},\"sameAs\":[\"https:\/\/www.facebook.com\/ReciclatuspilasAndalucia\",\"https:\/\/x.com\/ReciclaPilasAnd\",\"https:\/\/www.instagram.com\/reciclatuspilasandalucia\",\"https:\/\/www.linkedin.com\/company\/19140274\",\"https:\/\/www.youtube.com\/channel\/UCKufkPoVxtZ0YNca9GgLTZQ\"]}]}<\/script>\n<!-- \/ Yoast SEO plugin. -->","yoast_head_json":{"title":"La campa\u00f1a - Una Pila de Razones","description":"\u2018Recicla tus pilas Andaluc\u00eda\u2019 tiene por objeto impulsar el reciclaje de pilas y acumuladores en nuestra comunidad aut\u00f3noma.","robots":{"index":"index","follow":"follow","max-snippet":"max-snippet:-1","max-image-preview":"max-image-preview:large","max-video-preview":"max-video-preview:-1"},"canonical":"https:\/\/reciclatuspilas.com\/unapiladerazones\/la-campana\/","og_locale":"es_ES","og_type":"article","og_title":"Una Pila de Razones","og_description":"\u2018Recicla tus pilas Andaluc\u00eda\u2019 tiene por objeto impulsar el reciclaje de pilas y acumuladores en nuestra comunidad aut\u00f3noma.","og_url":"https:\/\/reciclatuspilas.com\/unapiladerazones\/la-campana\/","og_site_name":"Una Pila de Razones","article_publisher":"https:\/\/www.facebook.com\/ReciclatuspilasAndalucia","article_modified_time":"2025-10-24T11:12:36+00:00","og_image":[{"width":1200,"height":630,"url":"https:\/\/reciclatuspilas.com\/unapiladerazones\/wp-content\/uploads\/2024\/09\/grafica-redes-web-unapiladerazones.jpg","type":"image\/jpeg"}],"twitter_card":"summary_large_image","twitter_title":"Una Pila de Razones","twitter_image":"https:\/\/reciclatuspilas.com\/unapiladerazones\/wp-content\/uploads\/2024\/09\/grafica-redes-web-unapiladerazones.jpg","twitter_site":"@ReciclaPilasAnd","twitter_misc":{"Tiempo de lectura":"1 minuto"},"schema":{"@context":"https:\/\/schema.org","@graph":[{"@type":"WebPage","@id":"https:\/\/reciclatuspilas.com\/unapiladerazones\/la-campana\/","url":"https:\/\/reciclatuspilas.com\/unapiladerazones\/la-campana\/","name":"La campa\u00f1a - Una Pila de Razones","isPartOf":{"@id":"https:\/\/reciclatuspilas.com\/unapiladerazones\/#website"},"primaryImageOfPage":{"@id":"https:\/\/reciclatuspilas.com\/unapiladerazones\/la-campana\/#primaryimage"},"image":{"@id":"https:\/\/reciclatuspilas.com\/unapiladerazones\/la-campana\/#primaryimage"},"thumbnailUrl":"https:\/\/reciclatuspilas.com\/unapiladerazones\/wp-content\/uploads\/2024\/09\/grafica-redes-web-unapiladerazones.jpg","datePublished":"2024-07-11T12:17:17+00:00","dateModified":"2025-10-24T11:12:36+00:00","description":"\u2018Recicla tus pilas Andaluc\u00eda\u2019 tiene por objeto impulsar el reciclaje de pilas y acumuladores en nuestra comunidad aut\u00f3noma.","breadcrumb":{"@id":"https:\/\/reciclatuspilas.com\/unapiladerazones\/la-campana\/#breadcrumb"},"inLanguage":"es","potentialAction":[{"@type":"ReadAction","target":["https:\/\/reciclatuspilas.com\/unapiladerazones\/la-campana\/"]}]},{"@type":"ImageObject","inLanguage":"es","@id":"https:\/\/reciclatuspilas.com\/unapiladerazones\/la-campana\/#primaryimage","url":"https:\/\/reciclatuspilas.com\/unapiladerazones\/wp-content\/uploads\/2024\/09\/grafica-redes-web-unapiladerazones.jpg","contentUrl":"https:\/\/reciclatuspilas.com\/unapiladerazones\/wp-content\/uploads\/2024\/09\/grafica-redes-web-unapiladerazones.jpg","width":1200,"height":630,"caption":"Una Pila de Razones"},{"@type":"BreadcrumbList","@id":"https:\/\/reciclatuspilas.com\/unapiladerazones\/la-campana\/#breadcrumb","itemListElement":[{"@type":"ListItem","position":1,"name":"Portada","item":"https:\/\/reciclatuspilas.com\/unapiladerazones\/"},{"@type":"ListItem","position":2,"name":"La campa\u00f1a"}]},{"@type":"WebSite","@id":"https:\/\/reciclatuspilas.com\/unapiladerazones\/#website","url":"https:\/\/reciclatuspilas.com\/unapiladerazones\/","name":"Una Pila de Razones","description":"Recicla Tus Pilas Andaluc\u00eda","publisher":{"@id":"https:\/\/reciclatuspilas.com\/unapiladerazones\/#organization"},"potentialAction":[{"@type":"SearchAction","target":{"@type":"EntryPoint","urlTemplate":"https:\/\/reciclatuspilas.com\/unapiladerazones\/?s={search_term_string}"},"query-input":{"@type":"PropertyValueSpecification","valueRequired":true,"valueName":"search_term_string"}}],"inLanguage":"es"},{"@type":"Organization","@id":"https:\/\/reciclatuspilas.com\/unapiladerazones\/#organization","name":"Una Pila de Razones","url":"https:\/\/reciclatuspilas.com\/unapiladerazones\/","logo":{"@type":"ImageObject","inLanguage":"es","@id":"https:\/\/reciclatuspilas.com\/unapiladerazones\/#\/schema\/logo\/image\/","url":"https:\/\/reciclatuspilas.com\/unapiladerazones\/wp-content\/uploads\/2024\/07\/main-title-blue.svg","contentUrl":"https:\/\/reciclatuspilas.com\/unapiladerazones\/wp-content\/uploads\/2024\/07\/main-title-blue.svg","width":1,"height":1,"caption":"Una Pila de Razones"},"image":{"@id":"https:\/\/reciclatuspilas.com\/unapiladerazones\/#\/schema\/logo\/image\/"},"sameAs":["https:\/\/www.facebook.com\/ReciclatuspilasAndalucia","https:\/\/x.com\/ReciclaPilasAnd","https:\/\/www.instagram.com\/reciclatuspilasandalucia","https:\/\/www.linkedin.com\/company\/19140274","https:\/\/www.youtube.com\/channel\/UCKufkPoVxtZ0YNca9GgLTZQ"]}]}},"featured_image_src":"https:\/\/reciclatuspilas.com\/unapiladerazones\/wp-content\/uploads\/2024\/09\/grafica-redes-web-unapiladerazones-600x400.jpg","featured_image_src_square":"https:\/\/reciclatuspilas.com\/unapiladerazones\/wp-content\/uploads\/2024\/09\/grafica-redes-web-unapiladerazones-600x600.jpg","_links":{"self":[{"href":"https:\/\/reciclatuspilas.com\/unapiladerazones\/wp-json\/wp\/v2\/pages\/165","targetHints":{"allow":["GET"]}}],"collection":[{"href":"https:\/\/reciclatuspilas.com\/unapiladerazones\/wp-json\/wp\/v2\/pages"}],"about":[{"href":"https:\/\/reciclatuspilas.com\/unapiladerazones\/wp-json\/wp\/v2\/types\/page"}],"author":[{"embeddable":true,"href":"https:\/\/reciclatuspilas.com\/unapiladerazones\/wp-json\/wp\/v2\/users\/1"}],"replies":[{"embeddable":true,"href":"https:\/\/reciclatuspilas.com\/unapiladerazones\/wp-json\/wp\/v2\/comments?post=165"}],"version-history":[{"count":27,"href":"https:\/\/reciclatuspilas.com\/unapiladerazones\/wp-json\/wp\/v2\/pages\/165\/revisions"}],"predecessor-version":[{"id":3469,"href":"https:\/\/reciclatuspilas.com\/unapiladerazones\/wp-json\/wp\/v2\/pages\/165\/revisions\/3469"}],"wp:featuredmedia":[{"embeddable":true,"href":"https:\/\/reciclatuspilas.com\/unapiladerazones\/wp-json\/wp\/v2\/media\/1611"}],"wp:attachment":[{"href":"https:\/\/reciclatuspilas.com\/unapiladerazones\/wp-json\/wp\/v2\/media?parent=165"}],"curies":[{"name":"wp","href":"https:\/\/api.w.org\/{rel}","templated":true}]}}